{"id":24857,"date":"2023-04-28T09:04:40","date_gmt":"2023-04-28T06:04:40","guid":{"rendered":"https:\/\/betoni.com\/lehti\/?post_type=ajankohtaista&#038;p=24857"},"modified":"2023-04-28T09:04:41","modified_gmt":"2023-04-28T06:04:41","slug":"kivenpyorittaja-palkinto-maisemasuunnittelija-tanja-niemiselle","status":"publish","type":"ajankohtaista","link":"https:\/\/betoni.com\/lehti\/ajankohtaista\/kivenpyorittaja-palkinto-maisemasuunnittelija-tanja-niemiselle\/","title":{"rendered":"Kivenpy\u00f6ritt\u00e4j\u00e4-palkinto maisemasuunnittelija Tanja Niemiselle"},"content":{"rendered":"\n<p>Nieminen on koulutukseltaan ylemm\u00e4n AMK:n hortonomi sek\u00e4 pedagogisen koulutuksen saanut opettaja. H\u00e4n on tietokirjailija, yritt\u00e4j\u00e4 ja maisemasuunnittelija ja tuttu my\u00f6s tv:st\u00e4. H\u00e4n oli pari vuotta mukana Huvila ja huussi -sarjassa, jota tuolloin katsoi noin puoli miljoonaa suomalaista. H\u00e4net on palkittu jo monesti, mm. Vuoden vihertaitajana vuonna 2014.<\/p>\n\n\n\n<p>Idearikkaana syv\u00e4osaajana h\u00e4nell\u00e4 on usein menossa jokin hanke \u2013 parempien pihojen puolesta tietysti. Yritt\u00e4j\u00e4n\u00e4 h\u00e4n on toiminut vuodesta 2005.<\/p>\n\n\n\n<p>\u2013 Olen el\u00e4m\u00e4ntapahortonomi. Mieluimmin teen t\u00f6it\u00e4 k\u00e4det mullassa ja polvet kivituhkassa kuin virka-aikaan jossakin toimistossa, Nieminen toteaa.<\/p>\n\n\n\n<h3 class=\"wp-block-heading\">Unelmien haamukirjoittaja<\/h3>\n\n\n\n<p>Niemisen ja Holmbergin yhteinen kirja \u201dPihakoulu \u2013 Skandipihassa toimivat reseptit\u201d julkaistiin t\u00e4m\u00e4n vuoden alussa. Se oli Niemiselt\u00e4 jo alan viides kirja.<\/p>\n\n\n\n<p>\u2013 Kirjassa avataan sit\u00e4 prosessia, joka tarvitaan laadukkaan ja onnistuneen pihan toteuttamiseen. Alan ihmiset ovat ottaneet kirjan ihastuneena vastaan, sill\u00e4 pihojen omistajat eiv\u00e4t aina ymm\u00e4rr\u00e4, miten paljon osaamista ja eri asioiden yhteensovittamista pihan suunnittelu vaatii.<\/p>\n\n\n\n<p>Nieminen painottaa, ett\u00e4 vaikka pihan suunnittelun tekeekin alan ammattilainen, asukkaiden tulee aina mietti\u00e4 ja kertoa omat toiveensa sek\u00e4 tarpeensa.<\/p>\n\n\n\n<p>\u2013 Minulta kysyt\u00e4\u00e4n usein, ett\u00e4 mik\u00e4 minun tyylini on. Ei siit\u00e4 ole kyse, vaan min\u00e4 haamukirjoitan asukkaiden oman unelman heid\u00e4n puutarhastaan. Pyrin lukemaan ja tulkitsemaan heid\u00e4n salaisemmatkin toiveensa. Pihan t\u00e4ytyy olla aina asukkaittensa n\u00e4k\u00f6inen. Olkoon vaikka status-piha, jos he niin haluavat.<\/p>\n\n\n\n<h3 class=\"wp-block-heading\">Piha ja talo yht\u00e4<\/h3>\n\n\n\n<p>Tanja Nieminen on keskittynyt suunnitteluty\u00f6ss\u00e4\u00e4n yksityisiin pihoihin ja pienten kaupunkien projekteihin.<\/p>\n\n\n\n<p>\u2013 Minulle t\u00e4rke\u00e4\u00e4 on ulko- ja sis\u00e4tilojen yhteys. El\u00e4m\u00e4n pit\u00e4\u00e4 laajentua sis\u00e4lt\u00e4 ulos ja rakennuksen arkkitehtuurin tulee n\u00e4ky\u00e4 pihalla saumattomasti.<\/p>\n\n\n\n<p>\u2013 T\u00e4ytyy my\u00f6s mietti\u00e4, miss\u00e4 suunniteltu piha loppuu ja luonto alkaa. Mit\u00e4 enemm\u00e4n pihassa on luontoa, sen helppohoitoisempi se on. Luonto on sin\u00e4ll\u00e4\u00e4n kaunis, mutta se ei kest\u00e4 kulutusta. Siksi poluilla ja muilla kulkuv\u00e4ylill\u00e4 tarvitaan pinnoitteita. Laatoilla ja kiveyksill\u00e4 voidaan my\u00f6s ilmaista alueiden hierarkkisuutta.<\/p>\n\n\n\n<p>\u2013 Maisematuotteiden, pihavalaisimien ja pintamateriaalien paletti on monipuolistunut hyvin. Esimerkiksi korotetuilla istutusaltailla saadaan vihre\u00e4\u00e4 talon seinustalle, mik\u00e4 osaltaan yhdist\u00e4\u00e4 rakennusta pihaan.<\/p>\n\n\n\n<h3 class=\"wp-block-heading\">Ekologista ja eettist\u00e4<\/h3>\n\n\n\n<p>Tanja Nieminen sanoo saaneensa ymp\u00e4rist\u00f6her\u00e4tyksen jo 90-luvun alussa, paljon aiemmin kuin ekologia ja kest\u00e4v\u00e4 kehitys nousivat yleiseen keskusteluun.<\/p>\n\n\n\n<p>\u2013 Minun suunnittelemani pihat ovat my\u00f6s eettisten arvojen mukaisia. Hyv\u00e4n\u00e4 esimerkkin\u00e4 on betonikivien k\u00e4ytt\u00f6. Olennaista on niiden kotimaisuus, koska ne ovat halpa ja paljon k\u00e4ytetty tuote eli ne kannattaa valmistaa l\u00e4hell\u00e4 eik\u00e4 pitkien kuljetusmatkojen p\u00e4\u00e4ss\u00e4.<\/p>\n\n\n\n<p>\u2013 Ymp\u00e4rist\u00f6lains\u00e4\u00e4d\u00e4nt\u00f6 on todella monimutkaista. Kierr\u00e4tetyn betonimurskeen, Betorocinkin k\u00e4ytt\u00f6 tulisi olla paljon yksinkertaisempaa. Onhan monin tavoin j\u00e4rkev\u00e4mp\u00e4\u00e4 hy\u00f6dynt\u00e4\u00e4 betonia uudelleen kuin louhia neitseellist\u00e4 kalliota.<\/p>\n\n\n\n<p><em>Kivenpy\u00f6ritt\u00e4j\u00e4ksi valitaan vuosittain henkil\u00f6, joka on edist\u00e4nyt ymp\u00e4rist\u00f6rakentamista Suomessa. Valinnalla halutaan tuoda esiin ammattitaitoista ja laadukasta ymp\u00e4rist\u00f6rakentamista sek\u00e4 nostaa alan arvostusta. Palkintoa on jaettu jo vuodesta 2001 alkaen.<\/em><\/p>\n\n\n\n<p><a href=\"https:\/\/www.rudus.fi\/ajankohtaista\/2023\/04\/27\/kivenpyorittaja-palkinto-maisemasuunnittelija-tanja-niemiselle?utm_source=epressi&amp;utm_medium=social&amp;utm_campaign=tuote-pihakivet&amp;utm_content=ruduspro\" target=\"_blank\" rel=\"noreferrer noopener\"><strong>Lue laajempi artikkeli ruduspro.fi-sivustolta<\/strong><\/a> <a href=\"https:\/\/www.rudus.fi\/ajankohtaista\/2023\/04\/27\/kivenpyorittaja-palkinto-maisemasuunnittelija-tanja-niemiselle?utm_source=epressi&amp;utm_medium=social&amp;utm_campaign=tuote-pihakivet&amp;utm_content=ruduspro\" target=\"_blank\" rel=\"noreferrer noopener\"><strong>>><\/strong><\/a><\/p>\n\n\n\n<h3 class=\"wp-block-heading\">Lis\u00e4tietoja:<\/h3>\n\n\n\n<p>Markkinointip\u00e4\u00e4llikk\u00f6 Iia Suikki<br>Rudus Oy, maisematuotteet<br>020 447 4660, <a href=\"mailto:iia.suikki@rudus.fi\" target=\"_blank\" rel=\"noreferrer noopener\">iia.suikki@rudus.fi<\/a><\/p>\n\n\n\n<p>Yritt\u00e4j\u00e4, maisemasuunnittelija Taina Nieminen<br><a href=\"mailto:tanja.nieminen@maisemasuunnittelu.fi\" target=\"_blank\" rel=\"noreferrer noopener\">tanja.nieminen@maisemasuunnittelu.fi<\/a><\/p>\n","protected":false},"excerpt":{"rendered":"<p>Rudus my\u00f6nsi t\u00e4m\u00e4n vuoden Kivenpy\u00f6ritt\u00e4j\u00e4-palkinnon Tanja Niemiselle tunnustuksena h\u00e4nen monipuolisesta osaamisestaan ja todellisesta innostaan edist\u00e4\u00e4 suomalaisten pihojen suunnittelua. \u201dInto\u201d onkin oikea sana kuvaamaan Niemist\u00e4, kun h\u00e4n h\u00e4\u00e4r\u00e4\u00e4 Hattulassa perinteikk\u00e4\u00e4ss\u00e4 KH Puutarhakeskuksessa. Nieminen osti myym\u00e4l\u00e4n yhti\u00f6kumppaninsa arkkitehti Tiina Holmbergin kanssa vuonna 2020.<\/p>\n","protected":false},"featured_media":24858,"template":"","tags":[],"class_list":["post-24857","ajankohtaista","type-ajankohtaista","status-publish","has-post-thumbnail","hentry"],"acf":[],"yoast_head":"<!-- This site is optimized with the Yoast SEO plugin v27.2 - https:\/\/yoast.com\/product\/yoast-seo-wordpress\/ -->\n<title>Kivenpy\u00f6ritt\u00e4j\u00e4-palkinto maisemasuunnittelija Tanja Niemiselle - Betoni-lehti<\/title>\n<meta name=\"robots\" content=\"index, follow, max-snippet:-1, max-image-preview:large, max-video-preview:-1\" \/>\n<link rel=\"canonical\" href=\"https:\/\/betoni.com\/lehti\/ajankohtaista\/kivenpyorittaja-palkinto-maisemasuunnittelija-tanja-niemiselle\/\" \/>\n<meta property=\"og:locale\" content=\"fi_FI\" \/>\n<meta property=\"og:type\" content=\"article\" \/>\n<meta property=\"og:title\" content=\"Kivenpy\u00f6ritt\u00e4j\u00e4-palkinto maisemasuunnittelija Tanja Niemiselle - Betoni-lehti\" \/>\n<meta property=\"og:description\" content=\"Rudus my\u00f6nsi t\u00e4m\u00e4n vuoden Kivenpy\u00f6ritt\u00e4j\u00e4-palkinnon Tanja Niemiselle tunnustuksena h\u00e4nen monipuolisesta osaamisestaan ja todellisesta innostaan edist\u00e4\u00e4 suomalaisten pihojen suunnittelua. \u201dInto\u201d onkin oikea sana kuvaamaan Niemist\u00e4, kun h\u00e4n h\u00e4\u00e4r\u00e4\u00e4 Hattulassa perinteikk\u00e4\u00e4ss\u00e4 KH Puutarhakeskuksessa. Nieminen osti myym\u00e4l\u00e4n yhti\u00f6kumppaninsa arkkitehti Tiina Holmbergin kanssa vuonna 2020.\" \/>\n<meta property=\"og:url\" content=\"https:\/\/betoni.com\/lehti\/ajankohtaista\/kivenpyorittaja-palkinto-maisemasuunnittelija-tanja-niemiselle\/\" \/>\n<meta property=\"og:site_name\" content=\"Betoni-lehti\" \/>\n<meta property=\"article:modified_time\" content=\"2023-04-28T06:04:41+00:00\" \/>\n<meta property=\"og:image\" content=\"https:\/\/betoni.com\/lehti\/wp-content\/uploads\/sites\/4\/2023\/04\/tanja_nieminen_kivenpyorittaja_rudus_1920x1080px.jpg\" \/>\n\t<meta property=\"og:image:width\" content=\"1920\" \/>\n\t<meta property=\"og:image:height\" content=\"1080\" \/>\n\t<meta property=\"og:image:type\" content=\"image\/jpeg\" \/>\n<meta name=\"twitter:card\" content=\"summary_large_image\" \/>\n<meta name=\"twitter:label1\" content=\"Est. reading time\" \/>\n\t<meta name=\"twitter:data1\" content=\"3 minuuttia\" \/>\n<script type=\"application\/ld+json\" class=\"yoast-schema-graph\">{\"@context\":\"https:\/\/schema.org\",\"@graph\":[{\"@type\":\"WebPage\",\"@id\":\"https:\/\/betoni.com\/lehti\/ajankohtaista\/kivenpyorittaja-palkinto-maisemasuunnittelija-tanja-niemiselle\/\",\"url\":\"https:\/\/betoni.com\/lehti\/ajankohtaista\/kivenpyorittaja-palkinto-maisemasuunnittelija-tanja-niemiselle\/\",\"name\":\"Kivenpy\u00f6ritt\u00e4j\u00e4-palkinto maisemasuunnittelija Tanja Niemiselle - Betoni-lehti\",\"isPartOf\":{\"@id\":\"https:\/\/betoni.com\/lehti\/#website\"},\"primaryImageOfPage\":{\"@id\":\"https:\/\/betoni.com\/lehti\/ajankohtaista\/kivenpyorittaja-palkinto-maisemasuunnittelija-tanja-niemiselle\/#primaryimage\"},\"image\":{\"@id\":\"https:\/\/betoni.com\/lehti\/ajankohtaista\/kivenpyorittaja-palkinto-maisemasuunnittelija-tanja-niemiselle\/#primaryimage\"},\"thumbnailUrl\":\"https:\/\/betoni.com\/lehti\/wp-content\/uploads\/sites\/4\/2023\/04\/tanja_nieminen_kivenpyorittaja_rudus_1920x1080px.jpg\",\"datePublished\":\"2023-04-28T06:04:40+00:00\",\"dateModified\":\"2023-04-28T06:04:41+00:00\",\"breadcrumb\":{\"@id\":\"https:\/\/betoni.com\/lehti\/ajankohtaista\/kivenpyorittaja-palkinto-maisemasuunnittelija-tanja-niemiselle\/#breadcrumb\"},\"inLanguage\":\"fi\",\"potentialAction\":[{\"@type\":\"ReadAction\",\"target\":[\"https:\/\/betoni.com\/lehti\/ajankohtaista\/kivenpyorittaja-palkinto-maisemasuunnittelija-tanja-niemiselle\/\"]}]},{\"@type\":\"ImageObject\",\"inLanguage\":\"fi\",\"@id\":\"https:\/\/betoni.com\/lehti\/ajankohtaista\/kivenpyorittaja-palkinto-maisemasuunnittelija-tanja-niemiselle\/#primaryimage\",\"url\":\"https:\/\/betoni.com\/lehti\/wp-content\/uploads\/sites\/4\/2023\/04\/tanja_nieminen_kivenpyorittaja_rudus_1920x1080px.jpg\",\"contentUrl\":\"https:\/\/betoni.com\/lehti\/wp-content\/uploads\/sites\/4\/2023\/04\/tanja_nieminen_kivenpyorittaja_rudus_1920x1080px.jpg\",\"width\":1920,\"height\":1080},{\"@type\":\"BreadcrumbList\",\"@id\":\"https:\/\/betoni.com\/lehti\/ajankohtaista\/kivenpyorittaja-palkinto-maisemasuunnittelija-tanja-niemiselle\/#breadcrumb\",\"itemListElement\":[{\"@type\":\"ListItem\",\"position\":1,\"name\":\"Home\",\"item\":\"https:\/\/betoni.com\/lehti\/\"},{\"@type\":\"ListItem\",\"position\":2,\"name\":\"Kivenpy\u00f6ritt\u00e4j\u00e4-palkinto maisemasuunnittelija Tanja Niemiselle\"}]},{\"@type\":\"WebSite\",\"@id\":\"https:\/\/betoni.com\/lehti\/#website\",\"url\":\"https:\/\/betoni.com\/lehti\/\",\"name\":\"Betoni-lehti\",\"description\":\"Betoni ry:n verkkolehti\",\"potentialAction\":[{\"@type\":\"SearchAction\",\"target\":{\"@type\":\"EntryPoint\",\"urlTemplate\":\"https:\/\/betoni.com\/lehti\/?s={search_term_string}\"},\"query-input\":{\"@type\":\"PropertyValueSpecification\",\"valueRequired\":true,\"valueName\":\"search_term_string\"}}],\"inLanguage\":\"fi\"}]}<\/script>\n<!-- \/ Yoast SEO plugin. -->","yoast_head_json":{"title":"Kivenpy\u00f6ritt\u00e4j\u00e4-palkinto maisemasuunnittelija Tanja Niemiselle - Betoni-lehti","robots":{"index":"index","follow":"follow","max-snippet":"max-snippet:-1","max-image-preview":"max-image-preview:large","max-video-preview":"max-video-preview:-1"},"canonical":"https:\/\/betoni.com\/lehti\/ajankohtaista\/kivenpyorittaja-palkinto-maisemasuunnittelija-tanja-niemiselle\/","og_locale":"fi_FI","og_type":"article","og_title":"Kivenpy\u00f6ritt\u00e4j\u00e4-palkinto maisemasuunnittelija Tanja Niemiselle - Betoni-lehti","og_description":"Rudus my\u00f6nsi t\u00e4m\u00e4n vuoden Kivenpy\u00f6ritt\u00e4j\u00e4-palkinnon Tanja Niemiselle tunnustuksena h\u00e4nen monipuolisesta osaamisestaan ja todellisesta innostaan edist\u00e4\u00e4 suomalaisten pihojen suunnittelua. \u201dInto\u201d onkin oikea sana kuvaamaan Niemist\u00e4, kun h\u00e4n h\u00e4\u00e4r\u00e4\u00e4 Hattulassa perinteikk\u00e4\u00e4ss\u00e4 KH Puutarhakeskuksessa. Nieminen osti myym\u00e4l\u00e4n yhti\u00f6kumppaninsa arkkitehti Tiina Holmbergin kanssa vuonna 2020.","og_url":"https:\/\/betoni.com\/lehti\/ajankohtaista\/kivenpyorittaja-palkinto-maisemasuunnittelija-tanja-niemiselle\/","og_site_name":"Betoni-lehti","article_modified_time":"2023-04-28T06:04:41+00:00","og_image":[{"width":1920,"height":1080,"url":"https:\/\/betoni.com\/lehti\/wp-content\/uploads\/sites\/4\/2023\/04\/tanja_nieminen_kivenpyorittaja_rudus_1920x1080px.jpg","type":"image\/jpeg"}],"twitter_card":"summary_large_image","twitter_misc":{"Est. reading time":"3 minuuttia"},"schema":{"@context":"https:\/\/schema.org","@graph":[{"@type":"WebPage","@id":"https:\/\/betoni.com\/lehti\/ajankohtaista\/kivenpyorittaja-palkinto-maisemasuunnittelija-tanja-niemiselle\/","url":"https:\/\/betoni.com\/lehti\/ajankohtaista\/kivenpyorittaja-palkinto-maisemasuunnittelija-tanja-niemiselle\/","name":"Kivenpy\u00f6ritt\u00e4j\u00e4-palkinto maisemasuunnittelija Tanja Niemiselle - Betoni-lehti","isPartOf":{"@id":"https:\/\/betoni.com\/lehti\/#website"},"primaryImageOfPage":{"@id":"https:\/\/betoni.com\/lehti\/ajankohtaista\/kivenpyorittaja-palkinto-maisemasuunnittelija-tanja-niemiselle\/#primaryimage"},"image":{"@id":"https:\/\/betoni.com\/lehti\/ajankohtaista\/kivenpyorittaja-palkinto-maisemasuunnittelija-tanja-niemiselle\/#primaryimage"},"thumbnailUrl":"https:\/\/betoni.com\/lehti\/wp-content\/uploads\/sites\/4\/2023\/04\/tanja_nieminen_kivenpyorittaja_rudus_1920x1080px.jpg","datePublished":"2023-04-28T06:04:40+00:00","dateModified":"2023-04-28T06:04:41+00:00","breadcrumb":{"@id":"https:\/\/betoni.com\/lehti\/ajankohtaista\/kivenpyorittaja-palkinto-maisemasuunnittelija-tanja-niemiselle\/#breadcrumb"},"inLanguage":"fi","potentialAction":[{"@type":"ReadAction","target":["https:\/\/betoni.com\/lehti\/ajankohtaista\/kivenpyorittaja-palkinto-maisemasuunnittelija-tanja-niemiselle\/"]}]},{"@type":"ImageObject","inLanguage":"fi","@id":"https:\/\/betoni.com\/lehti\/ajankohtaista\/kivenpyorittaja-palkinto-maisemasuunnittelija-tanja-niemiselle\/#primaryimage","url":"https:\/\/betoni.com\/lehti\/wp-content\/uploads\/sites\/4\/2023\/04\/tanja_nieminen_kivenpyorittaja_rudus_1920x1080px.jpg","contentUrl":"https:\/\/betoni.com\/lehti\/wp-content\/uploads\/sites\/4\/2023\/04\/tanja_nieminen_kivenpyorittaja_rudus_1920x1080px.jpg","width":1920,"height":1080},{"@type":"BreadcrumbList","@id":"https:\/\/betoni.com\/lehti\/ajankohtaista\/kivenpyorittaja-palkinto-maisemasuunnittelija-tanja-niemiselle\/#breadcrumb","itemListElement":[{"@type":"ListItem","position":1,"name":"Home","item":"https:\/\/betoni.com\/lehti\/"},{"@type":"ListItem","position":2,"name":"Kivenpy\u00f6ritt\u00e4j\u00e4-palkinto maisemasuunnittelija Tanja Niemiselle"}]},{"@type":"WebSite","@id":"https:\/\/betoni.com\/lehti\/#website","url":"https:\/\/betoni.com\/lehti\/","name":"Betoni-lehti","description":"Betoni ry:n verkkolehti","potentialAction":[{"@type":"SearchAction","target":{"@type":"EntryPoint","urlTemplate":"https:\/\/betoni.com\/lehti\/?s={search_term_string}"},"query-input":{"@type":"PropertyValueSpecification","valueRequired":true,"valueName":"search_term_string"}}],"inLanguage":"fi"}]}},"_links":{"self":[{"href":"https:\/\/betoni.com\/lehti\/wp-json\/wp\/v2\/ajankohtaista\/24857","targetHints":{"allow":["GET"]}}],"collection":[{"href":"https:\/\/betoni.com\/lehti\/wp-json\/wp\/v2\/ajankohtaista"}],"about":[{"href":"https:\/\/betoni.com\/lehti\/wp-json\/wp\/v2\/types\/ajankohtaista"}],"wp:featuredmedia":[{"embeddable":true,"href":"https:\/\/betoni.com\/lehti\/wp-json\/wp\/v2\/media\/24858"}],"wp:attachment":[{"href":"https:\/\/betoni.com\/lehti\/wp-json\/wp\/v2\/media?parent=24857"}],"wp:term":[{"taxonomy":"post_tag","embeddable":true,"href":"https:\/\/betoni.com\/lehti\/wp-json\/wp\/v2\/tags?post=24857"}],"curies":[{"name":"wp","href":"https:\/\/api.w.org\/{rel}","templated":true}]}}