{"id":24864,"date":"2023-05-04T13:37:01","date_gmt":"2023-05-04T10:37:01","guid":{"rendered":"https:\/\/betoni.com\/lehti\/?post_type=ajankohtaista&#038;p=24864"},"modified":"2023-05-04T13:39:12","modified_gmt":"2023-05-04T10:39:12","slug":"rakennusteollisuuden-turvallisuusviikkoa-vietetaan-8-12-5-2023","status":"publish","type":"ajankohtaista","link":"https:\/\/betoni.com\/lehti\/ajankohtaista\/rakennusteollisuuden-turvallisuusviikkoa-vietetaan-8-12-5-2023\/","title":{"rendered":"Rakennusteollisuuden Turvallisuusviikkoa vietet\u00e4\u00e4n 8.-12.5.2023"},"content":{"rendered":"\n<h3 class=\"wp-block-heading\"><strong>Tapahtumia turvallisuusviikolla<\/strong><\/h3>\n\n\n\n<p>Maanantaina 8.5. j\u00e4rjestet\u00e4\u00e4n INFRAn Monttumaanantai. Tiistain Viisaat kyp\u00e4r\u00e4t yhteen -seminaari\u00a0 j\u00e4rjestet\u00e4\u00e4n t\u00e4ll\u00e4 kertaa Ilmailumuseossa Vantaalla. Kattokeskiviikkona aamup\u00e4iv\u00e4seminaari yhdess\u00e4 Etel\u00e4-Suomen AVI:n kanssa Helsingiss\u00e4. Viikon aikana j\u00e4rjestet\u00e4\u00e4n my\u00f6s runsaasti alueellisia tapahtumia. <\/p>\n\n\n\n<p><strong>Monttumaanantai 8.5. Helsingiss\u00e4<\/strong><\/p>\n\n\n\n<p>MVR-kalibrointitilaisuus klo 9-13 j\u00e4rjestet\u00e4\u00e4n&nbsp; Kalasatamassa Helsingiss\u00e4.&nbsp;Tilaisuus on tarkoitettu infrarakentajille, ty\u00f6suojeluviranomaisille, rakennuttajille, valvojille, alan opiskelijoille ja kaikille, jotka haluavat oppia MVR-mittaamista.&nbsp;Mukaan mahtuu 25 ensimm\u00e4iseksi ilmoittautunutta.<\/p>\n\n\n\n<p><a href=\"https:\/\/omainfra.fi\/etusivu\/koulutukset-ja-muut-tapahtumat\/2023\/monttumaanantain-mvr-mittarin-kalibrointitilaisuus\/\" target=\"_blank\" rel=\"noreferrer noopener\">Monttumaanantain tilaisuuden ohjelma ja ilmoittautuminen<\/a><\/p>\n\n\n\n<p><strong>Viisaat kyp\u00e4r\u00e4t yhteen -seminari&nbsp; 9.5. Ilmailumuseo Vantaa<\/strong><\/p>\n\n\n\n<p>P\u00e4\u00e4stet\u00e4\u00e4n turvallisuusajatukset lentoon!&nbsp;Turvallisuusviikon p\u00e4\u00e4seminaarissa kuullaan tapaturmista oppimisesta ja siit\u00e4, miten erilainen toiminta t\u00f6iss\u00e4 ja kotona voi n\u00e4ky\u00e4 turvallisuudessa. Ty\u00f6maaesimerkiss\u00e4 selvi\u00e4\u00e4, mist\u00e4 rakentuu toimiva yhdess\u00e4 tekemisen malli. Iltap\u00e4iv\u00e4ll\u00e4 puhetta turvallisuuskilpailuista ja Uudenmaan ty\u00f6turvallisuuskilpailujen palkintojenjako.<\/p>\n\n\n\n<p><a href=\"https:\/\/www.rt.fi\/globalassets\/tyoturvallisuus\/tyoturvallisuusviikko\/2023\/seminaari\/turvallisuusviikonseminaari23_final.pdf\" target=\"_blank\" rel=\"noreferrer noopener\">Lataa t\u00e4st\u00e4 seminaarin esite\u00a0<\/a><a href=\"https:\/\/www.rt.fi\/globalassets\/tyoturvallisuus\/tyoturvallisuusviikko\/2023\/viikontapahtumat\/turvallisuusviikko2023_seminaariesite.pdf\" target=\"_blank\" rel=\"noreferrer noopener\"><\/a><\/p>\n\n\n\n<p><a href=\"https:\/\/vimeo.com\/805926061\/8f26529adf\" target=\"_blank\" rel=\"noreferrer noopener\">Katso seminaarin videostriimi suorana 9.5. klo 9 alkaen<\/a><\/p>\n\n\n\n<p><strong>Kattokeskiviikko 10.5. Helsingiss\u00e4<\/strong><\/p>\n\n\n\n<p>Kattokeskiviikko on kattot\u00f6iden turvallisuusaamu, jonka tavoitteena on parantaa vesikattoalan ty\u00f6turvallisuutta ja yhteisten pelis\u00e4\u00e4nt\u00f6jen noudattamista.&nbsp;<\/p>\n\n\n\n<p><a href=\"https:\/\/www.rt.fi\/globalassets\/tyoturvallisuus\/tyoturvallisuusviikko\/2023\/viikontapahtumat\/kattokeskiviikko_l_-10052023.pdf\">Ohjelma<\/a><a href=\"https:\/\/www.rt.fi\/globalassets\/tyoturvallisuus\/tyoturvallisuusviikko\/2023\/viikontapahtumat\/kattokeskiviikko-10052023.pdf\"><br><\/a><a href=\"https:\/\/link.webropolsurveys.com\/S\/9183D888D85795A2\" target=\"_blank\" rel=\"noreferrer noopener\">Ilmoittautuminen<\/a><\/p>\n\n\n\n<p><strong>Torstaina 11.5. webinaareja<\/strong><\/p>\n\n\n\n<p>Rakennustuoteteollisuuden ty\u00f6turvallisuuswebinaarin keski\u00f6ss\u00e4 aamup\u00e4iv\u00e4ll\u00e4 vakavat tapaturmat ja ty\u00f6turvallisuus arjessa. Asiaa my\u00f6s perehdytyksest\u00e4 ja betonin ty\u00f6turvallisuuskilpailusta.&nbsp;<\/p>\n\n\n\n<p><a href=\"https:\/\/www.rt.fi\/globalassets\/tyoturvallisuus\/tyoturvallisuusviikko\/2023\/seminaari\/rakennustuoteteollisuudenwebinaari.pdf\" target=\"_blank\" rel=\"noreferrer noopener\">Ohjelma ja ilmoittautuminen tuoteteollisuuden webinaariin<\/a><\/p>\n\n\n\n<p>Iltap\u00e4iv\u00e4n miniwebinaarissa&nbsp; ty\u00f6hyvinvointia ja tutkimustietoa. Kvartsip\u00f6lyhankkeesta ja muista ajakohtaisista Ty\u00f6terveyslaitoksen ja Ty\u00f6turvallisuuskeskuksen hankkeista l\u00f6ytyy monia helposti hy\u00f6dynnett\u00e4vi\u00e4 ty\u00f6kaluja yrityksille.<\/p>\n\n\n\n<p><a href=\"https:\/\/www.rt.fi\/globalassets\/tyoturvallisuus\/tyoturvallisuusviikko\/2023\/seminaari\/tvko23torstaiwebinaari.pdf\" target=\"_blank\" rel=\"noreferrer noopener\">Ohjelma ja ilmoittautuminen torstain iltap\u00e4iv\u00e4n miniwebinaariin<\/a><\/p>\n\n\n\n<h3 class=\"wp-block-heading\">Alueellisia tapahtumia<\/h3>\n\n\n\n<p><em>Satakunnan<\/em>\u00a0TT-viikon p\u00e4\u00e4tapahtumana on\u00a0 vierailu Skanskan Pohjois-Porin Monitoimitalon ty\u00f6maalla maanantaina 8.5. klo 12.00. Lis\u00e4tiedot: <a href=\"mailto:kimmo.lang@rt.fi\" target=\"_blank\" rel=\"noreferrer noopener\">kimmo.lang@rt.fi<\/a><\/p>\n\n\n\n<p>Talonrakennusteollisuuden Lounais-Suomen piiri ry j\u00e4rjest\u00e4\u00e4 j\u00e4senyrityksille Varsinais-Suomen ty\u00f6turvallisuusviikon p\u00e4\u00e4tapahtuman Turun Messukeskuksessa (Messukent\u00e4nkatu 9-13, 20210) tiistaina 9.5.2023 klo 13:00 \u2013 15:30.<br><a href=\"https:\/\/www.rt.fi\/globalassets\/tyoturvallisuus\/tyoturvallisuusviikko\/2023\/viikontapahtumat\/lounais_suomi_ohjelma.pdf\">Lis\u00e4tiedot ja ilmoittautuminen&nbsp;<\/a><\/p>\n\n\n\n<p><em>Oulussa<\/em>\u00a0j\u00e4rjestet\u00e4\u00e4n tiistaina 9.5. talonrakennusteollisuuden ty\u00f6turvallisuuskierroksia j\u00e4senyritysten ty\u00f6mailla.<br><br><a href=\"https:\/\/www.rt.fi\/globalassets\/tyoturvallisuus\/tyoturvallisuusviikko\/2023\/viikontapahtumat\/tyomaavierailut_oulu_tv2023.pdf\" target=\"_blank\" rel=\"noreferrer noopener\">Ty\u00f6maavierailujen tarkempi ohjelma ja ilmoittautuminen<br><\/a><br>Keskiviikkona\u00a010.5. j\u00e4rjestet\u00e4\u00e4n Oulussa Pohjois-Suomen ja Lapin alueen\u00a0 rakennusalan oppilaitoksille ty\u00f6turvallisuusinfo aamup\u00e4iv\u00e4ll\u00e4. Lis\u00e4tiedot: <a href=\"mailto:juha.mantynen@rt.fi\" target=\"_blank\" rel=\"noreferrer noopener\">juha.mantynen@rt.fi<\/a><\/p>\n","protected":false},"excerpt":{"rendered":"<p>T\u00e4n\u00e4 vuonna rakennusalan yhteist\u00e4 turvallisuusviikkoa vietet\u00e4\u00e4n viikolla 19, 8. &#8211; 12. toukokuuta,2023. Tutustu t\u00e4st\u00e4 viikon  viikon aikana j\u00e4rjestett\u00e4viin tapahtumiin ja ilmoittaudu mukaan.<\/p>\n","protected":false},"featured_media":24863,"template":"","tags":[],"class_list":["post-24864","ajankohtaista","type-ajankohtaista","status-publish","has-post-thumbnail","hentry"],"acf":[],"yoast_head":"<!-- This site is optimized with the Yoast SEO plugin v27.2 - https:\/\/yoast.com\/product\/yoast-seo-wordpress\/ -->\n<title>Rakennusteollisuuden Turvallisuusviikkoa vietet\u00e4\u00e4n 8.-12.5.2023 - Betoni-lehti<\/title>\n<meta name=\"robots\" content=\"index, follow, max-snippet:-1, max-image-preview:large, max-video-preview:-1\" \/>\n<link rel=\"canonical\" href=\"https:\/\/betoni.com\/lehti\/ajankohtaista\/rakennusteollisuuden-turvallisuusviikkoa-vietetaan-8-12-5-2023\/\" \/>\n<meta property=\"og:locale\" content=\"fi_FI\" \/>\n<meta property=\"og:type\" content=\"article\" \/>\n<meta property=\"og:title\" content=\"Rakennusteollisuuden Turvallisuusviikkoa vietet\u00e4\u00e4n 8.-12.5.2023 - Betoni-lehti\" \/>\n<meta property=\"og:description\" content=\"T\u00e4n\u00e4 vuonna rakennusalan yhteist\u00e4 turvallisuusviikkoa vietet\u00e4\u00e4n viikolla 19, 8. - 12. toukokuuta,2023. Tutustu t\u00e4st\u00e4 viikon viikon aikana j\u00e4rjestett\u00e4viin tapahtumiin ja ilmoittaudu mukaan.\" \/>\n<meta property=\"og:url\" content=\"https:\/\/betoni.com\/lehti\/ajankohtaista\/rakennusteollisuuden-turvallisuusviikkoa-vietetaan-8-12-5-2023\/\" \/>\n<meta property=\"og:site_name\" content=\"Betoni-lehti\" \/>\n<meta property=\"article:modified_time\" content=\"2023-05-04T10:39:12+00:00\" \/>\n<meta property=\"og:image\" content=\"https:\/\/betoni.com\/lehti\/wp-content\/uploads\/sites\/4\/2023\/05\/turvallisuusviikko_2023_1920x1080px.jpg\" \/>\n\t<meta property=\"og:image:width\" content=\"1920\" \/>\n\t<meta property=\"og:image:height\" content=\"1080\" \/>\n\t<meta property=\"og:image:type\" content=\"image\/jpeg\" \/>\n<meta name=\"twitter:card\" content=\"summary_large_image\" \/>\n<meta name=\"twitter:label1\" content=\"Est. reading time\" \/>\n\t<meta name=\"twitter:data1\" content=\"2 minuuttia\" \/>\n<script type=\"application\/ld+json\" class=\"yoast-schema-graph\">{\"@context\":\"https:\/\/schema.org\",\"@graph\":[{\"@type\":\"WebPage\",\"@id\":\"https:\/\/betoni.com\/lehti\/ajankohtaista\/rakennusteollisuuden-turvallisuusviikkoa-vietetaan-8-12-5-2023\/\",\"url\":\"https:\/\/betoni.com\/lehti\/ajankohtaista\/rakennusteollisuuden-turvallisuusviikkoa-vietetaan-8-12-5-2023\/\",\"name\":\"Rakennusteollisuuden Turvallisuusviikkoa vietet\u00e4\u00e4n 8.-12.5.2023 - Betoni-lehti\",\"isPartOf\":{\"@id\":\"https:\/\/betoni.com\/lehti\/#website\"},\"primaryImageOfPage\":{\"@id\":\"https:\/\/betoni.com\/lehti\/ajankohtaista\/rakennusteollisuuden-turvallisuusviikkoa-vietetaan-8-12-5-2023\/#primaryimage\"},\"image\":{\"@id\":\"https:\/\/betoni.com\/lehti\/ajankohtaista\/rakennusteollisuuden-turvallisuusviikkoa-vietetaan-8-12-5-2023\/#primaryimage\"},\"thumbnailUrl\":\"https:\/\/betoni.com\/lehti\/wp-content\/uploads\/sites\/4\/2023\/05\/turvallisuusviikko_2023_1920x1080px.jpg\",\"datePublished\":\"2023-05-04T10:37:01+00:00\",\"dateModified\":\"2023-05-04T10:39:12+00:00\",\"breadcrumb\":{\"@id\":\"https:\/\/betoni.com\/lehti\/ajankohtaista\/rakennusteollisuuden-turvallisuusviikkoa-vietetaan-8-12-5-2023\/#breadcrumb\"},\"inLanguage\":\"fi\",\"potentialAction\":[{\"@type\":\"ReadAction\",\"target\":[\"https:\/\/betoni.com\/lehti\/ajankohtaista\/rakennusteollisuuden-turvallisuusviikkoa-vietetaan-8-12-5-2023\/\"]}]},{\"@type\":\"ImageObject\",\"inLanguage\":\"fi\",\"@id\":\"https:\/\/betoni.com\/lehti\/ajankohtaista\/rakennusteollisuuden-turvallisuusviikkoa-vietetaan-8-12-5-2023\/#primaryimage\",\"url\":\"https:\/\/betoni.com\/lehti\/wp-content\/uploads\/sites\/4\/2023\/05\/turvallisuusviikko_2023_1920x1080px.jpg\",\"contentUrl\":\"https:\/\/betoni.com\/lehti\/wp-content\/uploads\/sites\/4\/2023\/05\/turvallisuusviikko_2023_1920x1080px.jpg\",\"width\":1920,\"height\":1080},{\"@type\":\"BreadcrumbList\",\"@id\":\"https:\/\/betoni.com\/lehti\/ajankohtaista\/rakennusteollisuuden-turvallisuusviikkoa-vietetaan-8-12-5-2023\/#breadcrumb\",\"itemListElement\":[{\"@type\":\"ListItem\",\"position\":1,\"name\":\"Home\",\"item\":\"https:\/\/betoni.com\/lehti\/\"},{\"@type\":\"ListItem\",\"position\":2,\"name\":\"Rakennusteollisuuden Turvallisuusviikkoa vietet\u00e4\u00e4n 8.-12.5.2023\"}]},{\"@type\":\"WebSite\",\"@id\":\"https:\/\/betoni.com\/lehti\/#website\",\"url\":\"https:\/\/betoni.com\/lehti\/\",\"name\":\"Betoni-lehti\",\"description\":\"Betoni ry:n verkkolehti\",\"potentialAction\":[{\"@type\":\"SearchAction\",\"target\":{\"@type\":\"EntryPoint\",\"urlTemplate\":\"https:\/\/betoni.com\/lehti\/?s={search_term_string}\"},\"query-input\":{\"@type\":\"PropertyValueSpecification\",\"valueRequired\":true,\"valueName\":\"search_term_string\"}}],\"inLanguage\":\"fi\"}]}<\/script>\n<!-- \/ Yoast SEO plugin. -->","yoast_head_json":{"title":"Rakennusteollisuuden Turvallisuusviikkoa vietet\u00e4\u00e4n 8.-12.5.2023 - Betoni-lehti","robots":{"index":"index","follow":"follow","max-snippet":"max-snippet:-1","max-image-preview":"max-image-preview:large","max-video-preview":"max-video-preview:-1"},"canonical":"https:\/\/betoni.com\/lehti\/ajankohtaista\/rakennusteollisuuden-turvallisuusviikkoa-vietetaan-8-12-5-2023\/","og_locale":"fi_FI","og_type":"article","og_title":"Rakennusteollisuuden Turvallisuusviikkoa vietet\u00e4\u00e4n 8.-12.5.2023 - Betoni-lehti","og_description":"T\u00e4n\u00e4 vuonna rakennusalan yhteist\u00e4 turvallisuusviikkoa vietet\u00e4\u00e4n viikolla 19, 8. - 12. toukokuuta,2023. Tutustu t\u00e4st\u00e4 viikon viikon aikana j\u00e4rjestett\u00e4viin tapahtumiin ja ilmoittaudu mukaan.","og_url":"https:\/\/betoni.com\/lehti\/ajankohtaista\/rakennusteollisuuden-turvallisuusviikkoa-vietetaan-8-12-5-2023\/","og_site_name":"Betoni-lehti","article_modified_time":"2023-05-04T10:39:12+00:00","og_image":[{"width":1920,"height":1080,"url":"https:\/\/betoni.com\/lehti\/wp-content\/uploads\/sites\/4\/2023\/05\/turvallisuusviikko_2023_1920x1080px.jpg","type":"image\/jpeg"}],"twitter_card":"summary_large_image","twitter_misc":{"Est. reading time":"2 minuuttia"},"schema":{"@context":"https:\/\/schema.org","@graph":[{"@type":"WebPage","@id":"https:\/\/betoni.com\/lehti\/ajankohtaista\/rakennusteollisuuden-turvallisuusviikkoa-vietetaan-8-12-5-2023\/","url":"https:\/\/betoni.com\/lehti\/ajankohtaista\/rakennusteollisuuden-turvallisuusviikkoa-vietetaan-8-12-5-2023\/","name":"Rakennusteollisuuden Turvallisuusviikkoa vietet\u00e4\u00e4n 8.-12.5.2023 - Betoni-lehti","isPartOf":{"@id":"https:\/\/betoni.com\/lehti\/#website"},"primaryImageOfPage":{"@id":"https:\/\/betoni.com\/lehti\/ajankohtaista\/rakennusteollisuuden-turvallisuusviikkoa-vietetaan-8-12-5-2023\/#primaryimage"},"image":{"@id":"https:\/\/betoni.com\/lehti\/ajankohtaista\/rakennusteollisuuden-turvallisuusviikkoa-vietetaan-8-12-5-2023\/#primaryimage"},"thumbnailUrl":"https:\/\/betoni.com\/lehti\/wp-content\/uploads\/sites\/4\/2023\/05\/turvallisuusviikko_2023_1920x1080px.jpg","datePublished":"2023-05-04T10:37:01+00:00","dateModified":"2023-05-04T10:39:12+00:00","breadcrumb":{"@id":"https:\/\/betoni.com\/lehti\/ajankohtaista\/rakennusteollisuuden-turvallisuusviikkoa-vietetaan-8-12-5-2023\/#breadcrumb"},"inLanguage":"fi","potentialAction":[{"@type":"ReadAction","target":["https:\/\/betoni.com\/lehti\/ajankohtaista\/rakennusteollisuuden-turvallisuusviikkoa-vietetaan-8-12-5-2023\/"]}]},{"@type":"ImageObject","inLanguage":"fi","@id":"https:\/\/betoni.com\/lehti\/ajankohtaista\/rakennusteollisuuden-turvallisuusviikkoa-vietetaan-8-12-5-2023\/#primaryimage","url":"https:\/\/betoni.com\/lehti\/wp-content\/uploads\/sites\/4\/2023\/05\/turvallisuusviikko_2023_1920x1080px.jpg","contentUrl":"https:\/\/betoni.com\/lehti\/wp-content\/uploads\/sites\/4\/2023\/05\/turvallisuusviikko_2023_1920x1080px.jpg","width":1920,"height":1080},{"@type":"BreadcrumbList","@id":"https:\/\/betoni.com\/lehti\/ajankohtaista\/rakennusteollisuuden-turvallisuusviikkoa-vietetaan-8-12-5-2023\/#breadcrumb","itemListElement":[{"@type":"ListItem","position":1,"name":"Home","item":"https:\/\/betoni.com\/lehti\/"},{"@type":"ListItem","position":2,"name":"Rakennusteollisuuden Turvallisuusviikkoa vietet\u00e4\u00e4n 8.-12.5.2023"}]},{"@type":"WebSite","@id":"https:\/\/betoni.com\/lehti\/#website","url":"https:\/\/betoni.com\/lehti\/","name":"Betoni-lehti","description":"Betoni ry:n verkkolehti","potentialAction":[{"@type":"SearchAction","target":{"@type":"EntryPoint","urlTemplate":"https:\/\/betoni.com\/lehti\/?s={search_term_string}"},"query-input":{"@type":"PropertyValueSpecification","valueRequired":true,"valueName":"search_term_string"}}],"inLanguage":"fi"}]}},"_links":{"self":[{"href":"https:\/\/betoni.com\/lehti\/wp-json\/wp\/v2\/ajankohtaista\/24864","targetHints":{"allow":["GET"]}}],"collection":[{"href":"https:\/\/betoni.com\/lehti\/wp-json\/wp\/v2\/ajankohtaista"}],"about":[{"href":"https:\/\/betoni.com\/lehti\/wp-json\/wp\/v2\/types\/ajankohtaista"}],"wp:featuredmedia":[{"embeddable":true,"href":"https:\/\/betoni.com\/lehti\/wp-json\/wp\/v2\/media\/24863"}],"wp:attachment":[{"href":"https:\/\/betoni.com\/lehti\/wp-json\/wp\/v2\/media?parent=24864"}],"wp:term":[{"taxonomy":"post_tag","embeddable":true,"href":"https:\/\/betoni.com\/lehti\/wp-json\/wp\/v2\/tags?post=24864"}],"curies":[{"name":"wp","href":"https:\/\/api.w.org\/{rel}","templated":true}]}}