{"id":30041,"date":"2026-03-10T08:03:25","date_gmt":"2026-03-10T06:03:25","guid":{"rendered":"https:\/\/betoni.com\/lehti\/?post_type=nakokulmat&#038;p=30041"},"modified":"2026-03-10T08:03:26","modified_gmt":"2026-03-10T06:03:26","slug":"henkilokuvassa-annina-tuominen","status":"publish","type":"nakokulmat","link":"https:\/\/betoni.com\/lehti\/nakokulmat\/henkilokuvassa-annina-tuominen\/","title":{"rendered":"Henkil\u00f6kuvassa Annina Tuominen"},"content":{"rendered":"\n<p>Viime syyskuun puoliv\u00e4liss\u00e4 Finnsementin toimitusjohtajana aloittanut Annina Tuominen on haastateltaessa suorastaan ylitsevuotavan hyv\u00e4ntuulinen, motivoitunut, innostunut ja energinen. Mit\u00e4 ilmeisimmin kysymyksess\u00e4 on h\u00e4nelle varsin tavanomainen olotila, jota viel\u00e4 vahvistaa mielenkiintoinen ty\u00f6 kaikkine mukanaan tuomine haasteineen.<\/p>\n\n\n\n<p>Haasteisiin Annina Tuominen on tottunut tarttumaan ja k\u00e4\u00e4nt\u00e4m\u00e4\u00e4n vaikeudet voitokseen. J\u00e4nnitt\u00e4v\u00e4t tilanteet ovat h\u00e4nest\u00e4 innostavia.<\/p>\n\n\n\n<p>Suomalaisella rakennusalalla ja erityisesti betonirakentamisen johtoteht\u00e4viss\u00e4 sellaisista ominaisuuksista on varmasti juuri nyt etua.<\/p>\n\n\n\n<p>Annina Tuominen on raikas tuulahdus alan ulkopuolelta ja h\u00e4nelt\u00e4 odotetaankin alalle uusia n\u00e4k\u00f6kulmia. \u2013Vastassa olisi saattanut olla hienoista varautuneisuuttakin, h\u00e4n sanoo, \u2013 mutta vastaanotto on ollut todella l\u00e4mmin.<\/p>\n\n\n\n<h3 class=\"wp-block-heading\">Kehityksen k\u00e4rjess\u00e4<\/h3>\n\n\n\n<p>Finnsementille vihre\u00e4ss\u00e4 siirtym\u00e4ss\u00e4 aivan eturintamassa taisteleminen on ehdoton prioriteetti. Sen on pienennett\u00e4v\u00e4 omia p\u00e4\u00e4st\u00f6j\u00e4\u00e4n ja kotimaisena toimijana sill\u00e4 on velvollisuus auttaa asiakkaitaan ja koko toimialaa v\u00e4hent\u00e4m\u00e4\u00e4n hiilidioksidip\u00e4\u00e4st\u00f6j\u00e4\u00e4n.<\/p>\n\n\n\n<p>Rakennusala on ollut perinteisesti hitaan muutoksen ala, mutta kehitys on viimeaikoina kiihtynyt r\u00e4j\u00e4hdysm\u00e4isesti. Annina Tuominen havainnollistaa muutosta Finnsementin esimerkill\u00e4: viime vuonna markkinoille tuotiin lujuusluokaltaan paranneltu Oiva-sementti ja t\u00e4ysin uusi Rene-sementti. Kaikkiaan Finnsementti on vuodesta 2020 l\u00e4htien lanseerannut kuusi v\u00e4h\u00e4hiilisemp\u00e4\u00e4 sementti\u00e4.<\/p>\n\n\n\n<p>\u2013T\u00e4ll\u00e4 vauhdilla rakentaminen ja siin\u00e4 k\u00e4ytetyt tuotteet eiv\u00e4t ole uudistuneet koskaan. Aika haastaa meid\u00e4t aivan uudella tavalla. Meid\u00e4n on pysytt\u00e4v\u00e4 muutoksessa mukana eik\u00e4 siin\u00e4 ole vaihtoehtoakaan.<\/p>\n\n\n\n<p>\u2013Toimialana meid\u00e4n on yhdess\u00e4 varmistuttava, ett\u00e4 olemme valmiita tulevaisuuteen ja sen tuomiin haasteisiin ja mahdollisuuksiin. Meid\u00e4n on pidett\u00e4v\u00e4 huolta, ett\u00e4 viestimme kuullaan yhteiskunnassa laajemminkin, jotta toimintaedellytyksemme s\u00e4ilyv\u00e4t. Kyll\u00e4h\u00e4n betonilla on jatkossakin paikkansa eniten k\u00e4ytettyn\u00e4 rakennusmateriaalina.<\/p>\n\n\n\n<p>L\u00e4hitulevaisuuden n\u00e4kym\u00e4t eiv\u00e4t ole muutamaan vuoteen her\u00e4tt\u00e4neet riemunkiljahduksia alan yritysten toimitusjohtajissa. K\u00e4\u00e4nnett\u00e4 parempaan on ennusteltu toiveikkaana yh\u00e4 uudestaan ja uudestaan. Annina Tuominen ei halua l\u00e4hte\u00e4 spekuloimaan rakentamisen alakulon p\u00e4\u00e4ttymisen ajankohtaa.<\/p>\n\n\n\n<p>\u2013Hirve\u00e4n pitk\u00e4n ajan normaali t\u00e4m\u00e4 nykyinen ei voi olla. Lopulta k\u00e4\u00e4nne tulee, se on varmaa. Asuntorakentamisen velkaa kasvatetaan joka vuosi. Viime vuonna rakennettiin 18 000 uutta asuntoa, kun tarve olisi ollut 30 000\u201340 000 v\u00e4liss\u00e4. Paine kasvaa ja vuosi vuodelta siihen on haastavampaa vastata.<\/p>\n\n\n\n<figure class=\"wp-block-image size-full\"><img loading=\"lazy\" decoding=\"async\" width=\"1920\" height=\"1308\" src=\"https:\/\/betoni.com\/lehti\/wp-content\/uploads\/sites\/4\/2026\/03\/Annina-Tuominen-kuva_Finnsementti_1920x1308px.jpg\" alt=\"\" class=\"wp-image-30043\" srcset=\"https:\/\/betoni.com\/lehti\/wp-content\/uploads\/sites\/4\/2026\/03\/Annina-Tuominen-kuva_Finnsementti_1920x1308px.jpg 1920w, https:\/\/betoni.com\/lehti\/wp-content\/uploads\/sites\/4\/2026\/03\/Annina-Tuominen-kuva_Finnsementti_1920x1308px-800x545.jpg 800w, https:\/\/betoni.com\/lehti\/wp-content\/uploads\/sites\/4\/2026\/03\/Annina-Tuominen-kuva_Finnsementti_1920x1308px-300x204.jpg 300w, https:\/\/betoni.com\/lehti\/wp-content\/uploads\/sites\/4\/2026\/03\/Annina-Tuominen-kuva_Finnsementti_1920x1308px-768x523.jpg 768w, https:\/\/betoni.com\/lehti\/wp-content\/uploads\/sites\/4\/2026\/03\/Annina-Tuominen-kuva_Finnsementti_1920x1308px-1536x1046.jpg 1536w\" sizes=\"auto, (max-width: 1920px) 100vw, 1920px\" \/><figcaption class=\"wp-element-caption\">Tuoreen toimitusjohtajan p\u00e4iviin on kuulunut uuden opettelua ja tuotantoon tutustumista. Vasemmalta oikealle: HR johtaja Sonja Lillhonga, tuotantojohtaja Jarkko Riepponen ja Paraisten tehtaan sataman ja lis\u00e4aineosaston ty\u00f6njohtaja Timo Rantanen. Kuva: Finnsementti.<\/figcaption><\/figure>\n\n\n\n<h3 class=\"wp-block-heading\">Juuret lakeuksilla<\/h3>\n\n\n\n<p>Annina syntyi kovasti odotettuna ja toivottuna esikoisena pankinjohtaja-is\u00e4n ja taloushallinnossa ty\u00f6skentelev\u00e4n \u00e4idin perheeseen. Vanhemmat olivat tutustuneet kauppaopistossa opiskellessaan.<\/p>\n\n\n\n<p>Anninan sukujuuret ovat Pohjanmaalla ja sukua asuu siell\u00e4 edelleen, mummikin Ilmajoella.<\/p>\n\n\n\n<p>Veljen Annina sai ollessaan kolmivuotias. H\u00e4n olisi toivonut enemm\u00e4nkin sisaruksia. \u2013Olen aina ollut hyvin perhekeskeinen ja nauttinut, kun ymp\u00e4rill\u00e4 on paljon porukkaa, h\u00e4n kertoo.<\/p>\n\n\n\n<p>Anninan kolme poikaserkkua olivat suunnilleen saman ik\u00e4isi\u00e4. Viisikko leikki yhdess\u00e4 ja leikit olivat aika r\u00e4m\u00e4p\u00e4isi\u00e4: majojen rakentamista, rosvoa ja poliisia, vakoiluleikki\u00e4. Veljen kanssa Anninalla oli yhteiset kiinnostuksen kohteet. H\u00e4n ei v\u00e4litt\u00e4nyt barbeista tai nukeista vaan enemm\u00e4nkin pikkuautoista.<\/p>\n\n\n\n<p>Perhe muutti is\u00e4n ty\u00f6n vuoksi usein. Vaasasta he siirtyiv\u00e4t ensin Jalasj\u00e4rvelle ja seuraavaksi edess\u00e4 oli Orip\u00e4\u00e4. Muutto Varsinais-Suomeen oli Anninalle melkoinen kulttuurishokki. Siell\u00e4 puhuttiin aivan erilaista murretta, melkein kuin uutta kielt\u00e4.<\/p>\n\n\n\n<p>Viisivuotiaana lukemaan oppinut Annina oli kovasti odottanut kouluun p\u00e4\u00e4sy\u00e4. Onneksi ilo kouluun p\u00e4\u00e4semisest\u00e4 kantoi pitk\u00e4lle. Annina oli aktiivinen ja todella motivoitunut oppimaan uutta, ja tykk\u00e4si koulussa kaikesta, erityisesti matikasta ja kielist\u00e4. Ehk\u00e4 historiasta ja uskonnosta hieman v\u00e4hemm\u00e4n. H\u00e4n arvelee olleensa jopa \u00e4rsytt\u00e4v\u00e4n ylimotivoitunut.<\/p>\n\n\n\n<p>Hajuton ja mauton mallioppilas Annina ei kuitenkaan ollut, sill\u00e4 h\u00e4n osasi my\u00f6s haastaa \u00e4rh\u00e4k\u00e4sti, jos oli eri mielt\u00e4. Opettajien kanssa h\u00e4n muistelee k\u00e4yneens\u00e4 v\u00e4lill\u00e4 tiukkojakin keskusteluja. Aina h\u00e4n ei muistanut tehd\u00e4 l\u00e4ksyj\u00e4, eiv\u00e4tk\u00e4 kirjatkaan olleet v\u00e4ltt\u00e4m\u00e4tt\u00e4 oikeassa paikassa.<\/p>\n\n\n\n<p>Musiikkia Annina harrasti l\u00e4pi kouluajan. Pianotunnitkin h\u00e4n oli aloittanut jo viiden vanhana. Tavoitteellisena harrastuksena se vei paljon aikaa: oli viikoittaiset piano- ja teoriatunnit sek\u00e4 kuoroharkat.<\/p>\n\n\n\n<p>Urheilu ei ollut Anninan juttu, mutta partio oli l\u00e4hell\u00e4 syd\u00e4nt\u00e4 hyvin pitk\u00e4\u00e4n. \u2013Tykk\u00e4sin telttailla ja k\u00e4yd\u00e4 y\u00f6retkill\u00e4. Oli hienoa laittaa mets\u00e4ss\u00e4 teltta pystyyn, nuotio valmiiksi makkaranpaistoon ja istua kipin\u00e4vahtina.<\/p>\n\n\n\n<p>Teinin\u00e4 Annina kolusi jamboreet ja h\u00e4nen partiouransa huipentui Naantalin Sinisten lippukunnan johtajana reilu parikymment\u00e4 vuotta sitten.<\/p>\n\n\n\n<p>Seuraava kulttuurishokki 15-vuotiaalla Anninalla oli edess\u00e4, kun perhe muutti pikkukaupunki Naantaliin. H\u00e4n oli k\u00e4ynyt yl\u00e4astetta 150 oppilaan koulussa ja siirtyi Naantalissa Maijam\u00e4en yl\u00e4asteelle, jossa oppilaita oli yli 900.<\/p>\n\n\n\n<p>Harrastukset tukivat suuressa muutoksessa, auttoivat l\u00f6yt\u00e4m\u00e4\u00e4n oman paikan ja porukan uudella paikkakunnalla.<\/p>\n\n\n\n<p>Lukiossa Naantalissa Anninan opiskelumotivaatio oli korkea. H\u00e4n valitsi pitk\u00e4n matikan, fysiikan ja kemian, mutta my\u00f6s pitk\u00e4n englannin ja ruotsin sek\u00e4 c-kielen\u00e4 saksan ja ranskan.<\/p>\n\n\n\n<p>\u2013Siihen aikaan lukiossa oli pakollisena 75 kurssia. Minulla oli 99. Viel\u00e4kin harmittaa, etten saanut sataa t\u00e4yteen!<\/p>\n\n\n\n<h3 class=\"wp-block-heading\">Prosessikemiaa ja keikkailua<\/h3>\n\n\n\n<p>Annina oli p\u00e4\u00e4tt\u00e4nyt opiskella l\u00e4\u00e4k\u00e4riksi. Ajatus oli ehk\u00e4, ett\u00e4 ammatti on arvostettu ja sit\u00e4 on vaikea p\u00e4\u00e4st\u00e4 opiskelemaan. H\u00e4n halusi n\u00e4ytt\u00e4\u00e4, ett\u00e4 pystyisi siihen.<\/p>\n\n\n\n<p>L\u00e4\u00e4k\u00e4riopiskelijat eiv\u00e4t kuitenkaan voineet l\u00e4hte\u00e4 ulkomaille vaihtoon ja se oli Anninalle kynnyskysymys. H\u00e4n halusi ehdottomasti maailmalle. Niinp\u00e4 l\u00e4\u00e4ketiede vaihtui tekniikkaan. \u00c5bo Akademin Annina valitsi, koska halusi oppia paremmin ruotsia. \u2013Kemia taas on kiehtonut minua aina.<\/p>\n\n\n\n<p>H\u00e4n l\u00e4p\u00e4isi kielikokeen, p\u00e4\u00e4si sis\u00e4\u00e4n eik\u00e4 katunut j\u00e4lkik\u00e4teen valintaansa. \u2013Vaikka ensin ajattelinkin, ett\u00e4 katson vuoden, miten viihdyn. Tykk\u00e4sin sitten sek\u00e4 opinnoista ett\u00e4 Turusta opiskelukaupunkina. Kivaa oli. En osaisi t\u00e4n\u00e4\u00e4nk\u00e4\u00e4n tehd\u00e4 parempaa valintaa!<\/p>\n\n\n\n<p>Opiskelu ruotsiksi oli haastavaa, mutta ainakin Annina oppi kielen. Siin\u00e4 sivussa h\u00e4n l\u00f6ysi huikean kaveriporukan, jonka kanssa h\u00e4n opiskeli ja vietti vapaa-aikaa.<\/p>\n\n\n\n<p>Opintojen ohessa on yleens\u00e4 teht\u00e4v\u00e4 ty\u00f6t\u00e4 toimeen tullakseen, ainakin kes\u00e4isin. Anninalle avautui musiikkiharrastuksen kautta eritt\u00e4in mieluinen ty\u00f6 keikkamuusikkona.<\/p>\n\n\n\n<p>Teini-i\u00e4ss\u00e4 Annina oli vaihtanut pianonsoiton laulamiseen, k\u00e4ynyt laulutunneilla ja ottanut osaa karaoke- sek\u00e4 laulukisoihin. Vuonna 2003 h\u00e4n p\u00e4\u00e4si Sein\u00e4joen Tangomarkkinoilla finaaliin, mik\u00e4 poiki menestyksekk\u00e4\u00e4n keikkamuusikkouran b\u00e4ndin laulusolistina. Keikkailu toi hyv\u00e4\u00e4 vastapainoa opiskelulle.<\/p>\n\n\n\n<p>\u2013Pohjalaisjuuristani kumpuaa ehk\u00e4 my\u00f6s vieh\u00e4tys perinteisiin lavatansseihin. Olen itsekin k\u00e4ynyt kaikki mahdolliset tanssikurssit. Nautin suunnattomasti humppakeikkojen heitt\u00e4misest\u00e4.<\/p>\n\n\n\n<p>Annina p\u00e4\u00e4si kes\u00e4t\u00f6ihin polymeerikemian laboratorioon. Sen j\u00e4lkeen h\u00e4nelle tarjottiin mahdollisuutta tehd\u00e4 diplomity\u00f6ns\u00e4 Rautaruukille kattopinnoitteiden ominaisuuksista.<\/p>\n\n\n\n<p>\u2013Joten ty\u00f6skentelin Turussa pinta-analytiikkaa tekev\u00e4ss\u00e4 Top Analytica Ltd:ss\u00e4 selvitt\u00e4m\u00e4ss\u00e4, saisiko kattopinnoitteiden antimikrobisia ja mekaanisia ominaisuuksia parannettua nanopartikkeleilla.<\/p>\n\n\n\n<p>Anninan lopputy\u00f6 tietyll\u00e4 tapaa m\u00e4\u00e4rittikin h\u00e4nen uransa suunnan, mutta vaihto-oppilaaksi h\u00e4n ei viel\u00e4k\u00e4\u00e4n ollut ehtinyt l\u00e4hte\u00e4. Viimeiseksi opiskeluvuodekseen h\u00e4n suuntasi Ranskaan Roueniin.<\/p>\n\n\n\n<p>\u2013Syksy opiskeltiin ja kev\u00e4\u00e4ksi piti etsi\u00e4 ty\u00f6harjoittelupaikka. Ty\u00f6skentelin viisi kuukautta pinnoitusfirman labrassa optimoimassa s\u00e4ilykepurkkien sis\u00e4pinnoitteiden sideaineiden reaktioaikaa.<\/p>\n\n\n\n<p>Siin\u00e4 sivussa Annina oppi puhumaan sujuvasti ranskaa, sill\u00e4 laboratorion kokeneet ty\u00f6ntekij\u00e4t eiv\u00e4t puhuneet englantia. \u2013 Hyvin pienell\u00e4 sanavarastolla aloitin, Annina muistelee. \u2013Kun l\u00e4hdin Ranskaan, ajattelin viel\u00e4, etten ikin\u00e4 opi puhumaan niin, ett\u00e4 joku minua ymm\u00e4rt\u00e4isi.<\/p>\n\n\n\n<p>Kollegat jaksoivat juurta jaksaen selitt\u00e4\u00e4 ja toistaa toistamasta p\u00e4\u00e4sty\u00e4\u00e4nkin. Onneksi Anninalla oli motivaatio oppia, sill\u00e4 edess\u00e4 oli todellinen koettelemus.<\/p>\n\n\n\n<p>Kolmen vartin loppuesitelm\u00e4 yliopistossa oli pidett\u00e4v\u00e4 ranskaksi. Ilman papereita.<\/p>\n\n\n\n<p>\u2013Se oli kyll\u00e4 minun Mount Everestini. Oli huikea tunne, kun huomasin, ett\u00e4 selvisin siit\u00e4.<\/p>\n\n\n\n<p>Kotimaahan oli mukava palata. J\u00e4ljell\u00e4 opinnoista oli vain muutamia r\u00e4stikursseja. Jo ennen joulua Anninalle oli tarjottu Top Analyticasta ty\u00f6paikkaa kehitysinsin\u00f6\u00f6rin\u00e4, tekem\u00e4\u00e4n t\u00e4ysip\u00e4iv\u00e4isesti t\u00f6it\u00e4 Rautaruukille.<\/p>\n\n\n\n<p>Nuori kehitysinsin\u00f6\u00f6ri oppi kolmen vuoden kuluessa rutkasti lis\u00e4\u00e4 katto- ja sein\u00e4pinnoitteista, maaleista, ter\u00e4ksest\u00e4 ja tietenkin pinta-analytiikasta.<\/p>\n\n\n\n<figure class=\"wp-block-image size-full\"><img loading=\"lazy\" decoding=\"async\" width=\"1226\" height=\"836\" src=\"https:\/\/betoni.com\/lehti\/wp-content\/uploads\/sites\/4\/2026\/03\/Annina-Tuominen_1226x836px.jpg\" alt=\"\" class=\"wp-image-30046\" srcset=\"https:\/\/betoni.com\/lehti\/wp-content\/uploads\/sites\/4\/2026\/03\/Annina-Tuominen_1226x836px.jpg 1226w, https:\/\/betoni.com\/lehti\/wp-content\/uploads\/sites\/4\/2026\/03\/Annina-Tuominen_1226x836px-800x546.jpg 800w, https:\/\/betoni.com\/lehti\/wp-content\/uploads\/sites\/4\/2026\/03\/Annina-Tuominen_1226x836px-300x205.jpg 300w, https:\/\/betoni.com\/lehti\/wp-content\/uploads\/sites\/4\/2026\/03\/Annina-Tuominen_1226x836px-768x524.jpg 768w\" sizes=\"auto, (max-width: 1226px) 100vw, 1226px\" \/><figcaption class=\"wp-element-caption\">Keikalla KalkkiRockissa. Kuva: Tuomisten kotialbumi<\/figcaption><\/figure>\n\n\n\n<h3 class=\"wp-block-heading\">MBA ja ulkomaan uraa<\/h3>\n\n\n\n<p>Nuori kehitysinsin\u00f6\u00f6ri alkoi olla levoton. H\u00e4nest\u00e4 oli alkanut tuntua, ett\u00e4 h\u00e4nen taipumuksensa ja lahjansa eiv\u00e4t ehk\u00e4 sittenk\u00e4\u00e4n viitanneet niink\u00e4\u00e4n tekniseen asiantuntijuuteen vaan projektinjohtamiseen.<\/p>\n\n\n\n<p>Annina Tuominen ei halunnut ty\u00f6skennell\u00e4 laboratoriossa loppuik\u00e4\u00e4ns\u00e4.<\/p>\n\n\n\n<p>H\u00e4n kaipasi hyvin teknisen koulutuksensa rinnalle lis\u00e4oppia yritys- ja henkil\u00f6st\u00f6johtamisesta, markkinoinnista ja taloudesta.<\/p>\n\n\n\n<p>Lis\u00e4ksi h\u00e4n halusi takaisin maailmalle.<\/p>\n\n\n\n<p>Annina Tuominen teki rohkean p\u00e4\u00e4t\u00f6ksen ja muutti takaisin Ranskaan opiskelemaan. MBA-tutkinto Rouen Business Schoolissa, (nykyisin NEOMA Business School) tarjosi kaikkea, mit\u00e4 h\u00e4n oli kaivannut ja eritt\u00e4in kansainv\u00e4lisess\u00e4 joukossa. Suomalaisen lis\u00e4ksi opiskelijoita oli Kiinasta, Intiasta, Etel\u00e4-Amerikasta, L\u00e4hi-Id\u00e4st\u00e4 ja Afrikasta.<\/p>\n\n\n\n<p>Antoisan vuoden j\u00e4lkeen Annina Tuominen p\u00e4\u00e4si t\u00f6ihin Pariisin l\u00e4helle tuotep\u00e4\u00e4llik\u00f6ksi Motul-nimiseen yritykseen, mutta jo muutaman kuukauden j\u00e4lkeen Rautaruukin silloinen tuotekehitysjohtaja soitti ja kertoi, ett\u00e4 Brysseliin etsit\u00e4\u00e4n teknist\u00e4 p\u00e4\u00e4llikk\u00f6\u00e4 Euroopan maalipinnoitetun ter\u00e4ksen ja alumiinin kattoj\u00e4rjest\u00f6\u00f6n. European Coil Coating Association ECCA ajaa alan etuja, kehityst\u00e4 ja on mukana standardien ja lains\u00e4\u00e4d\u00e4nn\u00f6n kehitysty\u00f6ss\u00e4 Euroopan tasolla. Teknisen p\u00e4\u00e4llik\u00f6n teht\u00e4v\u00e4n\u00e4 on muun muassa vet\u00e4\u00e4 yhteisprojekteja ja kehitt\u00e4\u00e4 testausmenetelmi\u00e4.<\/p>\n\n\n\n<p>\u2013Se oli hieno ty\u00f6. Hyvin kansainv\u00e4linen n\u00e4k\u00f6alapaikka yhden teollisuusalan toimintaan Euroopan tasolla. Ymp\u00e4rist\u00f6lains\u00e4\u00e4d\u00e4nt\u00f6 ja erityisesti REACHin kautta tulevat eri kemikaalien k\u00e4ytt\u00f6\u00f6n liittyv\u00e4t rajoitteet teettiv\u00e4t silloin paljon ty\u00f6t\u00e4. Niihin mietittiin yhdess\u00e4 ratkaisuja ja viilattiin yhteist\u00e4 kantaa. Se oli v\u00e4lill\u00e4 haastavaa, mutta opetti paljon.<\/p>\n\n\n\n<p>Vaikka Annina Tuominen piti ty\u00f6st\u00e4\u00e4n, h\u00e4nest\u00e4 alkoi viiden vuoden j\u00e4lkeen tuntua, ett\u00e4 pit\u00e4isi p\u00e4\u00e4st\u00e4 teolliseen ymp\u00e4rist\u00f6\u00f6n j\u00e4rjest\u00f6ty\u00f6n sijaan. Juuri sopivassa vaiheessa SSAB:lt\u00e4 tuli tarjous. Silloin Rautaruukki ja SSAB olivat jo yhdistyneet. Tuotantojohtaja tarvitsi H\u00e4meenlinnan tehtaalle tuotantop\u00e4\u00e4llik\u00f6n ja arveli, ett\u00e4 vaikka Annina Tuomisella ei ollutkaan kokemusta tuotannosta tai organisaation johtamisesta, h\u00e4nell\u00e4 oli oikeanlaista asennetta.<\/p>\n\n\n\n<p>Mik\u00e4 t\u00e4rkeint\u00e4, h\u00e4n oli osoittanut saavansa asioita aikaan.<\/p>\n\n\n\n<p>Edess\u00e4 oli kolmas suuri kulttuurishokki.<\/p>\n\n\n\n<p>\u2013Osoittautui, ett\u00e4 Suomeen palaaminen oli vaikeampaa kuin t\u00e4\u00e4lt\u00e4 l\u00e4hteminen. Huomasin my\u00f6s, ett\u00e4 olemisen ja puhumisen tapa Varsinais-Suomen ja H\u00e4meen v\u00e4lill\u00e4 on hyvin erilainen.<\/p>\n\n\n\n<p>Annina Tuominen on kuitenkin kokenut erilaisiin ymp\u00e4rist\u00f6ihin p\u00e4\u00e4tymisen ja sopeutumisen el\u00e4m\u00e4\u00e4 rikastuttavaksi kokemukseksi.<\/p>\n\n\n\n<p>Tehtaalla tuotantop\u00e4\u00e4llikk\u00f6n\u00e4 toimiminen oli Annina Tuomiselle lopullinen johtamiskoulu. Toki h\u00e4n oli ehtinyt toivoa p\u00e4\u00e4sev\u00e4ns\u00e4 jonakin p\u00e4iv\u00e4n\u00e4 oman organisaationsa johtajaksi. Nyt h\u00e4n p\u00e4\u00e4si testaamaan ideoitaan. Osa niist\u00e4 toimi, osa ei. Onneksi h\u00e4nell\u00e4 oli esihenkil\u00f6n\u00e4\u00e4n kokenut tuotantojohtaja, joka auttoi v\u00e4ltt\u00e4m\u00e4\u00e4n suurimmat karikot. \u2013 Minun hienot uudet ideani ja h\u00e4nen kokemuksensa olivat aika hyv\u00e4 yhdistelm\u00e4.<\/p>\n\n\n\n<p>Tuotantop\u00e4\u00e4llikk\u00f6 vietti kaiken aikansa tuotannossa. Se auttoi ymm\u00e4rt\u00e4m\u00e4\u00e4n kentt\u00e4\u00e4 ja alaiset selv\u00e4sti my\u00f6s arvostivat l\u00e4sn\u00e4 olevaa, osallistavaa ja keskustelevaa johtamista, mik\u00e4 ei ainakaan viel\u00e4 silloin ollut perinteisess\u00e4 tuotantoymp\u00e4rist\u00f6ss\u00e4 valtavirtaa.<\/p>\n\n\n\n<p>Kun amerikkalainen maalintoimittaja Sherwin-Williams etsi tehdasp\u00e4\u00e4llikk\u00f6\u00e4 Vantaan tehtaalle, headhunter l\u00e4hestyi Annina Tuomista. Nyt h\u00e4nell\u00e4 olikin johdettavanaan koko tehdas. Siit\u00e4 kolmen vuoden kuluttua h\u00e4n siirtyi yrityksess\u00e4 tuotannosta myynnin puolelle ja lopulta koko Euroopan p\u00e4\u00e4llystysliiketoiminnan johtoon. Siell\u00e4 SSAB oli muuten yksi h\u00e4nen t\u00e4rkeimmist\u00e4 asiakkaistaan. \u2013Toimitimme maalit H\u00e4meenlinnan tehtaalle.<\/p>\n\n\n\n<p>Sherwin-Williamsin vuosina erityisesti hiilineutraalius nousi isoon rooliin. Asiakkaiden kanssa kehitettiin yhdess\u00e4 mm. biopolymeereihin perustuvia pinnoitteita, jotka auttoivat pienent\u00e4m\u00e4\u00e4n pinnoitusprosessin hiilijalanj\u00e4lke\u00e4.<\/p>\n\n\n\n<p>Annina Tuominen on ehtinyt vaihtaa ty\u00f6paikkaa kunnioitettavaan tahtiin. Hienot tilaisuudet ovat tulleet eteen, kuten h\u00e4n itse sanoo.<\/p>\n\n\n\n<p>Kun Annina Tuominen oli ollut Sherwin-Williamsilla kahdeksan vuotta, headhunter soitti. Finnsementti etsi toimitusjohtajaa.<\/p>\n\n\n\n<p>\u2013Intuitio sai l\u00e4htem\u00e4\u00e4n prosessiin mukaan, Annina Tuominen kertoo.<\/p>\n\n\n\n<p>Aika tuntui sopivalta siirty\u00e4 kansainv\u00e4lisest\u00e4 liiketoimintaymp\u00e4rist\u00f6st\u00e4 kotimaan teollisuuteen.<\/p>\n\n\n\n<p>\u2013Tutustuin Finnsementtiin, sen merkitykseen yhteiskunnassa, yrityksess\u00e4 ty\u00f6skenteleviin ihmisiin ja heid\u00e4n uratarinoihinsa. Perehdyin rakennusalaan ja sen haasteisiin, erityisesti ymp\u00e4rist\u00f6n suhteen. Huomasin, ett\u00e4 merkitt\u00e4v\u00e4t investoinnit hiilineutraaliin tuotantoon ja vihre\u00e4\u00e4n betoniin ovat hyv\u00e4ss\u00e4 vauhdissa. On todella motivoivaa olla mukana koko toimialaa koskettavassa merkitt\u00e4v\u00e4ss\u00e4 muutoksessa ja tekem\u00e4ss\u00e4 sit\u00e4 yhdess\u00e4 kaikkien sidosryhmien kanssa.<\/p>\n\n\n\n<p>Vaikka oppimista riitt\u00e4\u00e4, tuore toimitusjohtaja tuntee olevansa oikeassa paikassa.<\/p>\n\n\n\n<p>\u2013Alku on ollut todella mielenkiintoinen!<\/p>\n\n\n\n<figure class=\"wp-block-image size-full\"><img loading=\"lazy\" decoding=\"async\" width=\"906\" height=\"1280\" src=\"https:\/\/betoni.com\/lehti\/wp-content\/uploads\/sites\/4\/2026\/03\/Annina-Tuominen-Lohjan-Teatteri-906x1280px.jpg\" alt=\"\" class=\"wp-image-30045\" srcset=\"https:\/\/betoni.com\/lehti\/wp-content\/uploads\/sites\/4\/2026\/03\/Annina-Tuominen-Lohjan-Teatteri-906x1280px.jpg 906w, https:\/\/betoni.com\/lehti\/wp-content\/uploads\/sites\/4\/2026\/03\/Annina-Tuominen-Lohjan-Teatteri-906x1280px-566x800.jpg 566w, https:\/\/betoni.com\/lehti\/wp-content\/uploads\/sites\/4\/2026\/03\/Annina-Tuominen-Lohjan-Teatteri-906x1280px-212x300.jpg 212w, https:\/\/betoni.com\/lehti\/wp-content\/uploads\/sites\/4\/2026\/03\/Annina-Tuominen-Lohjan-Teatteri-906x1280px-768x1085.jpg 768w\" sizes=\"auto, (max-width: 906px) 100vw, 906px\" \/><figcaption class=\"wp-element-caption\">Viime syksyn\u00e4 Annina ja Tomi Tuominen olivat isoissa rooleissa Lohjan teatterin Bonnie ja Clyde -musikaalissa. Kuva: Lohjan Teatteri<\/figcaption><\/figure>\n\n\n\n<h3 class=\"wp-block-heading\">Vauhdikasta vapaa-aikaa<\/h3>\n\n\n\n<p>Annina asuu miehens\u00e4 <em>Tomi Tuomisen<\/em> kanssa Lohjalla, vuonna 1947 rakennetussa puutalossa, jota he laittavat pikkuhiljaa omann\u00e4k\u00f6isekseen. Tomi Tuominen tekee ty\u00f6kseen MTV3:lle rallil\u00e4hetyksi\u00e4 ja harrastaa my\u00f6s musiikkia.<br>Pariskunta tapasi Lohjan teatterissa vuonna 2016 My Fair Lady -musikaalissa.<\/p>\n\n\n\n<p>Tuomisilla on yhteinen b\u00e4ndi. Kotona on studio ja uusi levy on tulossa. Anninalla on my\u00f6s pari muuta b\u00e4ndiprojektia. Viime syksyn\u00e4 Tuomiset olivat isoissa rooleissa Lohjan teatterin Bonnie ja Clyde -musikaalissa.<\/p>\n\n\n\n<p>Tuomisten el\u00e4m\u00e4 py\u00f6rii musiikin ja ty\u00f6n parissa. Heid\u00e4t saattaa l\u00f6yt\u00e4\u00e4 my\u00f6s lenkkipolulta Lohjalla ja m\u00f6kkimaisemissa Lapissa Pyh\u00e4ll\u00e4 on erinomaiset mahdollisuudet hiiht\u00e4\u00e4, vaeltaa ja maastopy\u00f6r\u00e4ill\u00e4.<\/p>\n\n\n\n<p>Perheeseen kuuluu my\u00f6s Tomin Nanette-tyt\u00e4r sek\u00e4 17-vuotiaat Pyh\u00e4 Birma -kissat Elsa ja Elmo, serkukset samalta kasvattajalta.<\/p>\n\n\n\n<figure class=\"wp-block-image size-full\"><img loading=\"lazy\" decoding=\"async\" width=\"1440\" height=\"981\" src=\"https:\/\/betoni.com\/lehti\/wp-content\/uploads\/sites\/4\/2026\/03\/Annina-Tuominen_laskettelu-1440x981px.jpg\" alt=\"\" class=\"wp-image-30044\" srcset=\"https:\/\/betoni.com\/lehti\/wp-content\/uploads\/sites\/4\/2026\/03\/Annina-Tuominen_laskettelu-1440x981px.jpg 1440w, https:\/\/betoni.com\/lehti\/wp-content\/uploads\/sites\/4\/2026\/03\/Annina-Tuominen_laskettelu-1440x981px-800x545.jpg 800w, https:\/\/betoni.com\/lehti\/wp-content\/uploads\/sites\/4\/2026\/03\/Annina-Tuominen_laskettelu-1440x981px-300x204.jpg 300w, https:\/\/betoni.com\/lehti\/wp-content\/uploads\/sites\/4\/2026\/03\/Annina-Tuominen_laskettelu-1440x981px-768x523.jpg 768w\" sizes=\"auto, (max-width: 1440px) 100vw, 1440px\" \/><figcaption class=\"wp-element-caption\">Pyh\u00e4ll\u00e4 on erinomaiset mahdollisuudet kaikenlaiseen ulkoiluun. Kuva: Tuomisten kotialbumi<\/figcaption><\/figure>\n","protected":false},"excerpt":{"rendered":"<p>Betoni-lehden henkil\u00f6galleriassa on haastateltavana Finnsementti Oy:n tuore toimitusjohtaja, dipl.ins., MBA Annina Tuominen, o.s. Alanen (s. 1981 Vaasa).<\/p>\n","protected":false},"featured_media":30042,"template":"","tags":[],"nakokulma_kategoria":[15],"class_list":["post-30041","nakokulmat","type-nakokulmat","status-publish","has-post-thumbnail","hentry","nakokulma_kategoria-henkilokuva"],"acf":[],"yoast_head":"<!-- This site is optimized with the Yoast SEO plugin v27.2 - https:\/\/yoast.com\/product\/yoast-seo-wordpress\/ -->\n<title>Henkil\u00f6kuvassa Annina Tuominen - Betoni-lehti<\/title>\n<meta name=\"robots\" content=\"index, follow, max-snippet:-1, max-image-preview:large, max-video-preview:-1\" \/>\n<link rel=\"canonical\" href=\"https:\/\/betoni.com\/lehti\/nakokulmat\/henkilokuvassa-annina-tuominen\/\" \/>\n<meta property=\"og:locale\" content=\"fi_FI\" \/>\n<meta property=\"og:type\" content=\"article\" \/>\n<meta property=\"og:title\" content=\"Henkil\u00f6kuvassa Annina Tuominen - Betoni-lehti\" \/>\n<meta property=\"og:description\" content=\"Betoni-lehden henkil\u00f6galleriassa on haastateltavana Finnsementti Oy:n tuore toimitusjohtaja, dipl.ins., MBA Annina Tuominen, o.s. Alanen (s. 1981 Vaasa).\" \/>\n<meta property=\"og:url\" content=\"https:\/\/betoni.com\/lehti\/nakokulmat\/henkilokuvassa-annina-tuominen\/\" \/>\n<meta property=\"og:site_name\" content=\"Betoni-lehti\" \/>\n<meta property=\"article:modified_time\" content=\"2026-03-10T06:03:26+00:00\" \/>\n<meta property=\"og:image\" content=\"https:\/\/betoni.com\/lehti\/wp-content\/uploads\/sites\/4\/2026\/03\/Annina-Tuominen-1920x1080px.jpg\" \/>\n\t<meta property=\"og:image:width\" content=\"1920\" \/>\n\t<meta property=\"og:image:height\" content=\"1080\" \/>\n\t<meta property=\"og:image:type\" content=\"image\/jpeg\" \/>\n<meta name=\"twitter:card\" content=\"summary_large_image\" \/>\n<meta name=\"twitter:label1\" content=\"Est. reading time\" \/>\n\t<meta name=\"twitter:data1\" content=\"12 minuuttia\" \/>\n<script type=\"application\/ld+json\" class=\"yoast-schema-graph\">{\"@context\":\"https:\/\/schema.org\",\"@graph\":[{\"@type\":\"WebPage\",\"@id\":\"https:\/\/betoni.com\/lehti\/nakokulmat\/henkilokuvassa-annina-tuominen\/\",\"url\":\"https:\/\/betoni.com\/lehti\/nakokulmat\/henkilokuvassa-annina-tuominen\/\",\"name\":\"Henkil\u00f6kuvassa Annina Tuominen - Betoni-lehti\",\"isPartOf\":{\"@id\":\"https:\/\/betoni.com\/lehti\/#website\"},\"primaryImageOfPage\":{\"@id\":\"https:\/\/betoni.com\/lehti\/nakokulmat\/henkilokuvassa-annina-tuominen\/#primaryimage\"},\"image\":{\"@id\":\"https:\/\/betoni.com\/lehti\/nakokulmat\/henkilokuvassa-annina-tuominen\/#primaryimage\"},\"thumbnailUrl\":\"https:\/\/betoni.com\/lehti\/wp-content\/uploads\/sites\/4\/2026\/03\/Annina-Tuominen-1920x1080px.jpg\",\"datePublished\":\"2026-03-10T06:03:25+00:00\",\"dateModified\":\"2026-03-10T06:03:26+00:00\",\"breadcrumb\":{\"@id\":\"https:\/\/betoni.com\/lehti\/nakokulmat\/henkilokuvassa-annina-tuominen\/#breadcrumb\"},\"inLanguage\":\"fi\",\"potentialAction\":[{\"@type\":\"ReadAction\",\"target\":[\"https:\/\/betoni.com\/lehti\/nakokulmat\/henkilokuvassa-annina-tuominen\/\"]}]},{\"@type\":\"ImageObject\",\"inLanguage\":\"fi\",\"@id\":\"https:\/\/betoni.com\/lehti\/nakokulmat\/henkilokuvassa-annina-tuominen\/#primaryimage\",\"url\":\"https:\/\/betoni.com\/lehti\/wp-content\/uploads\/sites\/4\/2026\/03\/Annina-Tuominen-1920x1080px.jpg\",\"contentUrl\":\"https:\/\/betoni.com\/lehti\/wp-content\/uploads\/sites\/4\/2026\/03\/Annina-Tuominen-1920x1080px.jpg\",\"width\":1920,\"height\":1080},{\"@type\":\"BreadcrumbList\",\"@id\":\"https:\/\/betoni.com\/lehti\/nakokulmat\/henkilokuvassa-annina-tuominen\/#breadcrumb\",\"itemListElement\":[{\"@type\":\"ListItem\",\"position\":1,\"name\":\"Home\",\"item\":\"https:\/\/betoni.com\/lehti\/\"},{\"@type\":\"ListItem\",\"position\":2,\"name\":\"Henkil\u00f6kuvassa Annina Tuominen\"}]},{\"@type\":\"WebSite\",\"@id\":\"https:\/\/betoni.com\/lehti\/#website\",\"url\":\"https:\/\/betoni.com\/lehti\/\",\"name\":\"Betoni-lehti\",\"description\":\"Betoni ry:n verkkolehti\",\"potentialAction\":[{\"@type\":\"SearchAction\",\"target\":{\"@type\":\"EntryPoint\",\"urlTemplate\":\"https:\/\/betoni.com\/lehti\/?s={search_term_string}\"},\"query-input\":{\"@type\":\"PropertyValueSpecification\",\"valueRequired\":true,\"valueName\":\"search_term_string\"}}],\"inLanguage\":\"fi\"}]}<\/script>\n<!-- \/ Yoast SEO plugin. -->","yoast_head_json":{"title":"Henkil\u00f6kuvassa Annina Tuominen - Betoni-lehti","robots":{"index":"index","follow":"follow","max-snippet":"max-snippet:-1","max-image-preview":"max-image-preview:large","max-video-preview":"max-video-preview:-1"},"canonical":"https:\/\/betoni.com\/lehti\/nakokulmat\/henkilokuvassa-annina-tuominen\/","og_locale":"fi_FI","og_type":"article","og_title":"Henkil\u00f6kuvassa Annina Tuominen - Betoni-lehti","og_description":"Betoni-lehden henkil\u00f6galleriassa on haastateltavana Finnsementti Oy:n tuore toimitusjohtaja, dipl.ins., MBA Annina Tuominen, o.s. Alanen (s. 1981 Vaasa).","og_url":"https:\/\/betoni.com\/lehti\/nakokulmat\/henkilokuvassa-annina-tuominen\/","og_site_name":"Betoni-lehti","article_modified_time":"2026-03-10T06:03:26+00:00","og_image":[{"width":1920,"height":1080,"url":"https:\/\/betoni.com\/lehti\/wp-content\/uploads\/sites\/4\/2026\/03\/Annina-Tuominen-1920x1080px.jpg","type":"image\/jpeg"}],"twitter_card":"summary_large_image","twitter_misc":{"Est. reading time":"12 minuuttia"},"schema":{"@context":"https:\/\/schema.org","@graph":[{"@type":"WebPage","@id":"https:\/\/betoni.com\/lehti\/nakokulmat\/henkilokuvassa-annina-tuominen\/","url":"https:\/\/betoni.com\/lehti\/nakokulmat\/henkilokuvassa-annina-tuominen\/","name":"Henkil\u00f6kuvassa Annina Tuominen - Betoni-lehti","isPartOf":{"@id":"https:\/\/betoni.com\/lehti\/#website"},"primaryImageOfPage":{"@id":"https:\/\/betoni.com\/lehti\/nakokulmat\/henkilokuvassa-annina-tuominen\/#primaryimage"},"image":{"@id":"https:\/\/betoni.com\/lehti\/nakokulmat\/henkilokuvassa-annina-tuominen\/#primaryimage"},"thumbnailUrl":"https:\/\/betoni.com\/lehti\/wp-content\/uploads\/sites\/4\/2026\/03\/Annina-Tuominen-1920x1080px.jpg","datePublished":"2026-03-10T06:03:25+00:00","dateModified":"2026-03-10T06:03:26+00:00","breadcrumb":{"@id":"https:\/\/betoni.com\/lehti\/nakokulmat\/henkilokuvassa-annina-tuominen\/#breadcrumb"},"inLanguage":"fi","potentialAction":[{"@type":"ReadAction","target":["https:\/\/betoni.com\/lehti\/nakokulmat\/henkilokuvassa-annina-tuominen\/"]}]},{"@type":"ImageObject","inLanguage":"fi","@id":"https:\/\/betoni.com\/lehti\/nakokulmat\/henkilokuvassa-annina-tuominen\/#primaryimage","url":"https:\/\/betoni.com\/lehti\/wp-content\/uploads\/sites\/4\/2026\/03\/Annina-Tuominen-1920x1080px.jpg","contentUrl":"https:\/\/betoni.com\/lehti\/wp-content\/uploads\/sites\/4\/2026\/03\/Annina-Tuominen-1920x1080px.jpg","width":1920,"height":1080},{"@type":"BreadcrumbList","@id":"https:\/\/betoni.com\/lehti\/nakokulmat\/henkilokuvassa-annina-tuominen\/#breadcrumb","itemListElement":[{"@type":"ListItem","position":1,"name":"Home","item":"https:\/\/betoni.com\/lehti\/"},{"@type":"ListItem","position":2,"name":"Henkil\u00f6kuvassa Annina Tuominen"}]},{"@type":"WebSite","@id":"https:\/\/betoni.com\/lehti\/#website","url":"https:\/\/betoni.com\/lehti\/","name":"Betoni-lehti","description":"Betoni ry:n verkkolehti","potentialAction":[{"@type":"SearchAction","target":{"@type":"EntryPoint","urlTemplate":"https:\/\/betoni.com\/lehti\/?s={search_term_string}"},"query-input":{"@type":"PropertyValueSpecification","valueRequired":true,"valueName":"search_term_string"}}],"inLanguage":"fi"}]}},"_links":{"self":[{"href":"https:\/\/betoni.com\/lehti\/wp-json\/wp\/v2\/nakokulmat\/30041","targetHints":{"allow":["GET"]}}],"collection":[{"href":"https:\/\/betoni.com\/lehti\/wp-json\/wp\/v2\/nakokulmat"}],"about":[{"href":"https:\/\/betoni.com\/lehti\/wp-json\/wp\/v2\/types\/nakokulmat"}],"wp:featuredmedia":[{"embeddable":true,"href":"https:\/\/betoni.com\/lehti\/wp-json\/wp\/v2\/media\/30042"}],"wp:attachment":[{"href":"https:\/\/betoni.com\/lehti\/wp-json\/wp\/v2\/media?parent=30041"}],"wp:term":[{"taxonomy":"post_tag","embeddable":true,"href":"https:\/\/betoni.com\/lehti\/wp-json\/wp\/v2\/tags?post=30041"},{"taxonomy":"nakokulma_kategoria","embeddable":true,"href":"https:\/\/betoni.com\/lehti\/wp-json\/wp\/v2\/nakokulma_kategoria?post=30041"}],"curies":[{"name":"wp","href":"https:\/\/api.w.org\/{rel}","templated":true}]}}